{"id":2408,"date":"2017-12-04T12:59:29","date_gmt":"2017-12-04T11:59:29","guid":{"rendered":"http:\/\/www.selectirente.com\/assemblees-generales\/"},"modified":"2026-04-20T09:59:36","modified_gmt":"2026-04-20T07:59:36","slug":"general-meetings","status":"publish","type":"page","link":"https:\/\/www.selectirente.com\/en\/general-meetings\/","title":{"rendered":"General meetings"},"content":{"rendered":"<h3>Assembl\u00e9e G\u00e9n\u00e9rale Mixte 2026<\/h3>\n<p><strong>28 mai 2026\u00a0 \u00a0 \u00a0 \u00a0<\/strong><\/p>\n<ul>\n<li><a href=\"https:\/\/www.selectirente.com\/wp-content\/uploads\/2026\/04\/SELECTIRENTE-Assemblee-generale-du-28-mai-2026-Avis-de-reunion-valant-avis-de-convocation-Parution-au-BALO-du-20-avril-202.pdf\">Avis de r\u00e9union valant avis de convocation paru au BALO le 20 avril 2026<\/a><\/li>\n<\/ul>\n<h3>Assembl\u00e9e G\u00e9n\u00e9rale Mixte 2025<\/h3>\n<p><span style=\"font-size: 18px;\"><strong>Pour acc\u00e9der \u00e0 la (re)diffusion de l&#8217;Assembl\u00e9e G\u00e9n\u00e9rale Annuelle du 27\/05, <a href=\"https:\/\/youtu.be\/c8GESjp8e9Y\" target=\"_blank\" rel=\"noopener\">cliquez ici<\/a><\/strong><\/span><\/p>\n<p><strong>27 mai 2025\u00a0 \u00a0 \u00a0 \u00a0<\/strong><\/p>\n<ul>\n<li><a href=\"https:\/\/www.selectirente.com\/wp-content\/uploads\/2025\/04\/SELECTIRENTE-Assemblee-generale-du-27-mai-2025-Avis-de-reunion-valant-avis-de-convocation-Parution-au-BALO-du-18-avril-2025.pdf\" target=\"_blank\" rel=\"noopener\">Avis de r\u00e9union valant avis de convocation paru au BALO le 18 avril 2025<\/a><\/li>\n<li><a href=\"https:\/\/www.selectirente.com\/wp-content\/uploads\/2025\/05\/1-Modalites-de-participation-a-lAssemblee-Generale-du-27-mai-2025.pdf\" target=\"_blank\" rel=\"noopener\">Modalit\u00e9s de participation \u00e0 l&#8217;Assembl\u00e9e G\u00e9n\u00e9rale du 27 mai 2025<\/a><\/li>\n<li><a href=\"https:\/\/www.selectirente.com\/wp-content\/uploads\/2025\/05\/2-Ordre-du-jour-de-lAssemblee-Generale-du-27-mai-2025.pdf\" target=\"_blank\" rel=\"noopener\">Ordre du jour de l&#8217;Assembl\u00e9e G\u00e9n\u00e9rale du 27 mai 2025<\/a><\/li>\n<li><a href=\"https:\/\/www.selectirente.com\/wp-content\/uploads\/2025\/05\/3-Rapport-de-la-gerance-a-lAssemblee-Generale-du-27-mai-2025.pdf\" target=\"_blank\" rel=\"noopener\">Rapport de la G\u00e9rance \u00e0 l&#8217;Assembl\u00e9e G\u00e9n\u00e9rale du 27 mai 2025<\/a><\/li>\n<li><a href=\"https:\/\/www.selectirente.com\/wp-content\/uploads\/2025\/05\/4-Projet-de-resolutions-presentees-a-lAssemblee-Generale-du-27-mai-2025.pdf\" target=\"_blank\" rel=\"noopener\">Projets de r\u00e9solutions pr\u00e9sent\u00e9es \u00e0 l&#8217;Assembl\u00e9e G\u00e9n\u00e9rale du 27 mai 2025<\/a><\/li>\n<li><a href=\"https:\/\/www.selectirente.com\/wp-content\/uploads\/2025\/05\/5-SELECTIRENTE-Brochure-de-convocation-AGM-du-27-mai-2025.pdf\" target=\"_blank\" rel=\"noopener\">Brochure de convocation &#8211; Assembl\u00e9e G\u00e9n\u00e9rale du 27 mai 2025<\/a><\/li>\n<li><a href=\"https:\/\/www.selectirente.com\/wp-content\/uploads\/2025\/05\/6-SELECTIRENTE-Assemblee-generale-du-27.05.2025-Formulaire-de-vote.pdf\" target=\"_blank\" rel=\"noopener\">Formulaire de vote SELECTIRENTE &#8211; Assembl\u00e9e G\u00e9n\u00e9rale du 27 mai 2025<\/a><\/li>\n<li><a href=\"https:\/\/www.selectirente.com\/wp-content\/uploads\/2025\/05\/Nombre-dactions-et-de-droits-de-vote-30-avril-2025.pdf\">Informations relatives au nombre total de droits de vote et d&#8217;actions au 30 avril 2025<\/a><\/li>\n<li><a href=\"https:\/\/www.selectirente.com\/wp-content\/uploads\/2025\/05\/9-SELECTIRENTE-Assemblee-generale-du-27-mai-2025-Avis-de-convocation-Parution-au-BALO-du-9-Mai-2025.pdf\" target=\"_blank\" rel=\"noopener\">Avis de convocation &#8211; Parution au BALO du 9 mai 2025<\/a><\/li>\n<li><a href=\"https:\/\/www.selectirente.com\/wp-content\/uploads\/2025\/05\/10-SELECTIRENTE-Assemblee-generale-du-27-mai-2025-Avis-de-convocation-Parution-au-JAL-SIDF-du-9-Mai-2025.pdf\" target=\"_blank\" rel=\"noopener\">Avis de convocation &#8211; Parution au SIDF du 9 mai 2025<\/a><\/li>\n<li><a href=\"https:\/\/www.selectirente.com\/wp-content\/uploads\/2025\/05\/SELECTIRENTE-Assemblee-Generale-Mixte-du-27-05-2025-Compte-rendu-et-Resultat-des-votes.pdf\">Compte-rendu et r\u00e9sultat du vote de l\u2019assembl\u00e9e g\u00e9n\u00e9rale mixte du 27 mai 2025 <\/a><\/li>\n<\/ul>\n<p><strong>Autres informations relatives \u00e0 l&#8217;Assembl\u00e9e disponibles dans le Document de r\u00e9f\u00e9rence :<\/strong><\/p>\n<ul>\n<li><a href=\"https:\/\/www.selectirente.com\/Selectirente_-_Document_d_enregistrement_universel_2024-XHTML.html\" target=\"_blank\" rel=\"noopener\">Document d&#8217;Enregistrement Universel 2024<\/a><\/li>\n<\/ul>\n<h3>Assembl\u00e9e G\u00e9n\u00e9rale Mixte 2024<\/h3>\n<p><strong>31 mai 2024\u00a0 \u00a0 \u00a0 \u00a0 \u00a0 \u00a0 \u00a0 \u00a0 \u00a0 \u00a0 \u00a0 \u00a0 \u00a0 \u00a0 \u00a0 \u00a0 \u00a0 \u00a0 \u00a0<\/strong><\/p>\n<ul>\n<li><a href=\"https:\/\/www.selectirente.com\/wp-content\/uploads\/2024\/04\/SELECTIRENTE-Assemblee-generale-du-31-mai-2024-Avis-de-reunion-valant-avis-de-convocation-Parution-au-BALO-du-24-avril-2024.pdf\" target=\"_blank\" rel=\"noopener\">Avis de r\u00e9union valant avis de convocation paru au BALO le 24 avril 2024<\/a><\/li>\n<li><a href=\"https:\/\/www.selectirente.com\/wp-content\/uploads\/2024\/05\/1-Modalites-de-participation-a-lAssemblee-Generale-du-31-mai-2024.pdf\" target=\"_blank\" rel=\"noopener\">Modalit\u00e9s de participation \u00e0 l\u2019Assembl\u00e9e G\u00e9n\u00e9rale du 31 mai 2024<\/a><\/li>\n<li><a href=\"https:\/\/www.selectirente.com\/wp-content\/uploads\/2024\/05\/2-Ordre-du-jour-de-lAssemblee-Generale-du-31-mai-2024.pdf\" target=\"_blank\" rel=\"noopener\">Ordre du jour de l\u2019Assembl\u00e9e G\u00e9n\u00e9rale du 31 mai 2<\/a>024<\/li>\n<li><a href=\"https:\/\/www.selectirente.com\/wp-content\/uploads\/2024\/05\/3-Rapport-de-la-gerance-a-lAssemblee-Generale-du-31-mai-2024.pdf\" target=\"_blank\" rel=\"noopener\">Rapport de la G\u00e9rance \u00e0 l\u2019Assembl\u00e9e G\u00e9n\u00e9rale du 31 mai 2024<\/a><\/li>\n<li><a href=\"https:\/\/www.selectirente.com\/wp-content\/uploads\/2024\/05\/4-Projet-de-resolutions-presentees-a-lAssemblee-Generale-du-31-mai-2024.pdf\" target=\"_blank\" rel=\"noopener\">Projet de r\u00e9solutions pr\u00e9sent\u00e9es \u00e0 l\u2019Assembl\u00e9e G\u00e9n\u00e9rale du 31 mai 2024<\/a><\/li>\n<li><a href=\"https:\/\/www.selectirente.com\/wp-content\/uploads\/2024\/05\/5-SELECTIRENTE-Brochure-de-convocation-AGM-du-31-mai-2024.pdf\" target=\"_blank\" rel=\"noopener\">Brochure de convocation &#8211; Assembl\u00e9e G\u00e9n\u00e9rale du 31 mai 2024<\/a><\/li>\n<li><a href=\"https:\/\/www.selectirente.com\/wp-content\/uploads\/2024\/05\/6-SELECTIRENTE-Assemblee-generale-du-31.05.2024-Formulaire-de-vote.pdf\" target=\"_blank\" rel=\"noopener\">Formulaire de vote SELECTIRENTE &#8211; Assembl\u00e9e G\u00e9n\u00e9rale du 31 mai 2024<\/a><\/li>\n<li><a href=\"https:\/\/www.selectirente.com\/wp-content\/uploads\/2024\/05\/7-Nombre-dactions-et-de-droits-de-vote-au-30-avril-2024.pdf\" target=\"_blank\" rel=\"noopener\">Information relative au nombre total de droits de vote et d\u2019actions au 30 avril 2024.<\/a><\/li>\n<li><a href=\"https:\/\/www.selectirente.com\/wp-content\/uploads\/2024\/05\/9-SELECTIRENTE-Assemblee-generale-du-31-mai-2024-Avis-de-convocation-Parution-au-BALO-du-13-Mai-2024.pdf\" target=\"_blank\" rel=\"noopener\">Avis de convocation &#8211; Parution au BALO du 13 mai 2024<\/a><\/li>\n<li><a href=\"https:\/\/www.selectirente.com\/wp-content\/uploads\/2024\/05\/10-SELECTIRENTE-Assemblee-generale-du-31-mai-2024-Avis-de-convocation-Parution-au-SIDF-du-13-Mai-2024.pdf\" target=\"_blank\" rel=\"noopener\">Avis de convocation &#8211; Parution au SIDF du 13 mai 2024<\/a><\/li>\n<li><a href=\"https:\/\/www.selectirente.com\/wp-content\/uploads\/2024\/05\/Selectirente-AG-du-31-05-2024-Compte-rendu-et-Resultat-des-votes.pdf\" target=\"_blank\" rel=\"noopener\">Compte-rendu et r\u00e9sultat du vote de l\u2019assembl\u00e9e g\u00e9n\u00e9rale du 31 mai 2024\u00a0<\/a><\/li>\n<\/ul>\n<p><strong>Autres informations relatives \u00e0 l\u2019Assembl\u00e9e disponibles dans le Document de r\u00e9f\u00e9rence :<\/strong><\/p>\n<ul>\n<li><a href=\"https:\/\/www.selectirente.com\/Selectirente_-_Document_d_enregistrement_universel_2023_xhtml.html\">Document d&#8217;enregistrement universel 2023<\/a><\/li>\n<\/ul>\n<p>&nbsp;<\/p>\n<h3>Assembl\u00e9e G\u00e9n\u00e9rale Mixte 2023<\/h3>\n<p><strong>02 juin 2023\u00a0 \u00a0 \u00a0 \u00a0 \u00a0 \u00a0 \u00a0 \u00a0 \u00a0 \u00a0 \u00a0 \u00a0 \u00a0 \u00a0 \u00a0 \u00a0 \u00a0 \u00a0 \u00a0<\/strong><\/p>\n<ul>\n<li><a href=\"https:\/\/www.selectirente.com\/wp-content\/uploads\/2023\/04\/SELECTIRENTE-Assemblee-generale-du-2-juin-2023-Avis-de-reunion-valant-avis-de-convocation-Parution-au-BALO-du-26-AVRIL-2023.pdf\" target=\"_blank\" rel=\"noopener\">Avis de r\u00e9union valant avis de convocation paru au BALO le 26 avril 2023<\/a><\/li>\n<li><a href=\"https:\/\/www.selectirente.com\/wp-content\/uploads\/2023\/05\/1-Modalites-de-participation-a-lAssemblee-Generale-du-2-juin-2023.pdf\" target=\"_blank\" rel=\"noopener\">Modalit\u00e9s de participation \u00e0 l\u2019Assembl\u00e9e G\u00e9n\u00e9rale du 2 juin 2023<\/a><\/li>\n<li><a href=\"https:\/\/www.selectirente.com\/wp-content\/uploads\/2023\/05\/2-Ordre-du-jour-de-lAssemblee-Generale-du-2-juin-2023.pdf\" target=\"_blank\" rel=\"noopener\">Ordre du jour de l\u2019Assembl\u00e9e G\u00e9n\u00e9rale du 2 juin 2023<\/a><\/li>\n<li><a href=\"https:\/\/www.selectirente.com\/wp-content\/uploads\/2023\/05\/3-Rapport-de-la-gerance-a-lAssemblee-Generale-du-2-juin-2023.pdf\" target=\"_blank\" rel=\"noopener\">Rapport de la G\u00e9rance \u00e0 l\u2019Assembl\u00e9e G\u00e9n\u00e9rale du 2 juin 2023<\/a><\/li>\n<li><a href=\"https:\/\/www.selectirente.com\/wp-content\/uploads\/2023\/05\/4-Projets-de-resolutions-presentees-a-lAssemblee-Generale-du-2-juin-2023.pdf\" target=\"_blank\" rel=\"noopener\">Projets de r\u00e9solutions pr\u00e9sent\u00e9es \u00e0 l\u2019Assembl\u00e9e G\u00e9n\u00e9rale du 2 juin 2023<\/a><\/li>\n<li><a href=\"https:\/\/www.selectirente.com\/wp-content\/uploads\/2023\/05\/5-SELECTIRENTE-Brochure-de-convocation-AGM-du-2-juin-2023.pdf\" target=\"_blank\" rel=\"noopener\">Brochure de convocation &#8211; Assembl\u00e9e G\u00e9n\u00e9rale du 2 juin 2023<\/a><\/li>\n<li><a href=\"https:\/\/www.selectirente.com\/wp-content\/uploads\/2023\/05\/6-Formulaire-de-vote-SELECTIRENTE-Assemblee-Generale-du-02-juin-2023.pdf\" target=\"_blank\" rel=\"noopener\">Formulaire de vote SELECTIRENTE &#8211; Assembl\u00e9e G\u00e9n\u00e9rale du 3 juin 2022<\/a><\/li>\n<li><a href=\"https:\/\/www.selectirente.com\/wp-content\/uploads\/2023\/05\/7-Nombre-dactions-et-de-droits-de-vote-30-avril-2023.pdf\" target=\"_blank\" rel=\"noopener\"> Informations relatives au nombre total de droits de vote et d\u2019actions<\/a><\/li>\n<li><a href=\"https:\/\/www.selectirente.com\/wp-content\/uploads\/2023\/05\/8-SELECTIRENTE-Avis-de-convocation-AGM-du-2-juin-2023-Parution-dans-JAL-le-9-mai-2023.pdf\" target=\"_blank\" rel=\"noopener\">Avis de convocation AGM du 2 juin &#8211; Parution dans JAL le 9 mai 2023<\/a><\/li>\n<li><a href=\"https:\/\/www.selectirente.com\/wp-content\/uploads\/2023\/05\/9-SELECTIRENTE-Assemblee-generale-du-2-juin-2023-Avis-de-convocation-Parution-au-BALO-du-10-Mai-2023.pdf\" target=\"_blank\" rel=\"noopener\">Avis de convocation &#8211; Parution au BALO du 10 mai 2023<\/a><\/li>\n<li><a href=\"https:\/\/www.selectirente.com\/wp-content\/uploads\/2023\/06\/SELECTIRENTE-Assemblee-Generale-du-2-juin-2023-Compte-rendu-et-resultats-des-votes.pdf\" target=\"_blank\" rel=\"noopener\"> Compte rendu et r\u00e9sultat des votes &#8211; Assembl\u00e9e g\u00e9n\u00e9rale mixte du 02 Juin 2023<\/a><\/li>\n<\/ul>\n<p><strong>Autres informations relatives \u00e0 l\u2019Assembl\u00e9e disponibles dans le Document de r\u00e9f\u00e9rence :<\/strong><\/p>\n<ul>\n<li><a href=\"https:\/\/www.selectirente.com\/wp-content\/uploads\/2023\/04\/Selectirente_-_Document_d_enregistrement_universel_2022_OPTI_BD.pdf\" target=\"_blank\" rel=\"noopener\">Document d&#8217;enregistrement universel 2022<\/a><\/li>\n<\/ul>\n<p>&nbsp;<\/p>\n<p><strong>03 juin 2022\u00a0 \u00a0 \u00a0 \u00a0 \u00a0 \u00a0 \u00a0 \u00a0 \u00a0 \u00a0 \u00a0 \u00a0 \u00a0 \u00a0 \u00a0 \u00a0 \u00a0 \u00a0 \u00a0Assembl\u00e9e G\u00e9n\u00e9rale Mixte 2022<\/strong><\/p>\n<ul>\n<li><a href=\"https:\/\/www.selectirente.com\/wp-content\/uploads\/2022\/05\/SELECTIRENTE-PARUTION-AU-BALO-du-27-AVRIL-2022-Avis-de-reunion-valant-avis-de-convocation.pdf\" target=\"_blank\" rel=\"noopener\">Avis de r\u00e9union valant avis de convocation paru au BALO le 27 avril 2022<\/a><\/li>\n<li><a href=\"https:\/\/www.selectirente.com\/wp-content\/uploads\/2022\/05\/1-Modalites-de-participation-a-lAssemblee-Generale-du-3-juin-2022.pdf\" target=\"_blank\" rel=\"noopener\">Modalit\u00e9s de participation \u00e0 l\u2019Assembl\u00e9e G\u00e9n\u00e9rale du 3 juin 2022<\/a><\/li>\n<li><a href=\"https:\/\/www.selectirente.com\/wp-content\/uploads\/2022\/05\/2-Ordre-du-jour-de-lAssemblee-Generale-du-3-juin-2022.pdf\" target=\"_blank\" rel=\"noopener\">Ordre du jour de l\u2019Assembl\u00e9e G\u00e9n\u00e9rale du 3 juin 2022<\/a><\/li>\n<li><a href=\"https:\/\/www.selectirente.com\/wp-content\/uploads\/2022\/05\/3-Rapport-de-la-gerance-a-lAssemblee-Generale-du-3-juin-2022.pdf\" target=\"_blank\" rel=\"noopener\">Rapport de la G\u00e9rance \u00e0 l\u2019Assembl\u00e9e G\u00e9n\u00e9rale du 3 juin 2022<\/a><\/li>\n<li><a href=\"https:\/\/www.selectirente.com\/wp-content\/uploads\/2022\/05\/4-Projets-de-resolutions-presentees-a-lAssemblee-Generale-du-3-juin-2022.pdf\" target=\"_blank\" rel=\"noopener\">Projets de r\u00e9solutions pr\u00e9sent\u00e9es \u00e0 l\u2019Assembl\u00e9e G\u00e9n\u00e9rale du 3 juin 2022<\/a><\/li>\n<li><a href=\"https:\/\/www.selectirente.com\/wp-content\/uploads\/2022\/05\/5-SELECTIRENTE-Brochure-de-convocation-Assemblee-Generale-Mixte-du-3-juin-2022.pdf\" target=\"_blank\" rel=\"noopener\">Brochure de convocation &#8211; Assembl\u00e9e G\u00e9n\u00e9rale du 3 juin 2022<\/a><\/li>\n<li><a href=\"https:\/\/www.selectirente.com\/wp-content\/uploads\/2022\/05\/6-SELECTIRENTE-Formulaire-de-vote-Assemblee-Generale-du-3-juin-2022.pdf\" target=\"_blank\" rel=\"noopener\">Formulaire de vote SELECTIRENTE &#8211; Assembl\u00e9e G\u00e9n\u00e9rale du 3 juin 2022<\/a><\/li>\n<li><a href=\"https:\/\/www.selectirente.com\/wp-content\/uploads\/2022\/05\/7-SELECTIRENTE-Assemblee-generale-du-3-juin-2022-Avis-de-convocation-Parution-au-BALO-du-13-mai-2022.pdf\" target=\"_blank\" rel=\"noopener\"> Assembl\u00e9e G\u00e9n\u00e9rale du 3 juin 2022 &#8211; Avis de convocation &#8211; Parution au BALO du 13 mai 2022<\/a><\/li>\n<li><a href=\"https:\/\/www.selectirente.com\/wp-content\/uploads\/2022\/05\/8-SELECTIRENTE-Avis-de-convocation-AGM-du-3-juin-Parution-dans-Le-Parisien-du-13-mai-2022-VF.pdf\" target=\"_blank\" rel=\"noopener\">Avis de convocation AGM du 3 juin &#8211; Parution dans le Parisien du 13 mai 2022<\/a><\/li>\n<li><a href=\"https:\/\/www.selectirente.com\/wp-content\/uploads\/2022\/06\/Compte-rendu-AG-du-3-juin-2022.pdf\" target=\"_blank\" rel=\"noopener\">Compte rendu et r\u00e9sultats de votes\u00a0 de l&#8217;assembl\u00e9e g\u00e9n\u00e9rale du 03 juin 2022<\/a><\/li>\n<\/ul>\n<p><strong>Autres informations relatives \u00e0 l\u2019Assembl\u00e9e disponibles dans le Document de r\u00e9f\u00e9rence :<\/strong><\/p>\n<ul>\n<li><a href=\"https:\/\/www.selectirente.com\/wp-content\/uploads\/2022\/04\/Selectirente_-_Document_d_enregistrement_universel_2021_OPTI.pdf\" target=\"_blank\" rel=\"noopener\">Document d&#8217;enregistrement universel 2021<\/a><\/li>\n<\/ul>\n<p>&nbsp;<\/p>\n<p><strong>04 juin 2021\u00a0 \u00a0 \u00a0 \u00a0 \u00a0 \u00a0 \u00a0 \u00a0 \u00a0 \u00a0 \u00a0 \u00a0 \u00a0 \u00a0 \u00a0 \u00a0 \u00a0 \u00a0 \u00a0Assembl\u00e9e G\u00e9n\u00e9rale Annuelle<\/strong><\/p>\n<ul>\n<li><a href=\"https:\/\/www.selectirente.com\/wp-content\/uploads\/2021\/05\/SELECTIRENTE-Assembl\u00e9e-G\u00e9n\u00e9rale-du-4-juin-2021-Avis-de-r\u00e9union-paru-au-BALO-le-28-avril-2021.pdf\" target=\"_blank\" rel=\"noopener\">Avis de r\u00e9union valant avis de convocation paru au BALO le 28 avril 2021<\/a><\/li>\n<li><a href=\"https:\/\/www.selectirente.com\/wp-content\/uploads\/2021\/05\/Selectirente-Assembl\u00e9e-G\u00e9narale-du-4-juin-2021-Modalit\u00e9s-de-participation-des-actionnaires.pdf\" target=\"_blank\" rel=\"noopener\">Modalit\u00e9s de participation \u00e0 l\u2019Assembl\u00e9e G\u00e9n\u00e9rale du 4 juin 2021<\/a><\/li>\n<li><a href=\"https:\/\/www.selectirente.com\/wp-content\/uploads\/2021\/05\/Selectirente-Assembl\u00e9e-G\u00e9narale-du-4-juin-2021-Ordre-du-jour.pdf\" target=\"_blank\" rel=\"noopener\">Ordre du jour de l\u2019Assembl\u00e9e G\u00e9n\u00e9rale du 4 juin 2021<\/a><\/li>\n<li><a href=\"https:\/\/www.selectirente.com\/wp-content\/uploads\/2021\/05\/Selectirente-Assembl\u00e9e-G\u00e9narale-du-4-juin-2021-Rapport-de-la-G\u00e9rance.pdf\" target=\"_blank\" rel=\"noopener\">Rapport de la G\u00e9rance \u00e0 l\u2019Assembl\u00e9e G\u00e9n\u00e9rale du 4 juin 2021<\/a><\/li>\n<li><a href=\"https:\/\/www.selectirente.com\/wp-content\/uploads\/2021\/05\/Selectirente-Assembl\u00e9e-G\u00e9narale-du-4-juin-2021-Projets-de-r\u00e9solutions.pdf\" target=\"_blank\" rel=\"noopener\">Projets de r\u00e9solutions pr\u00e9sent\u00e9es \u00e0 l\u2019Assembl\u00e9e G\u00e9n\u00e9rale du 4 juin 2021<\/a><\/li>\n<li><a href=\"https:\/\/www.selectirente.com\/wp-content\/uploads\/2021\/05\/SELECTIRENTE-Assembl\u00e9e-G\u00e9n\u00e9rale-du-4-juin-2021-Brochure-de-convocation.pdf\" target=\"_blank\" rel=\"noopener\">Brochure de convocation &#8211; Assembl\u00e9e G\u00e9n\u00e9rale du 4 juin 2021<\/a><\/li>\n<li><a href=\"https:\/\/www.selectirente.com\/wp-content\/uploads\/2021\/05\/SELECTIRENTE-Assembl\u00e9e-G\u00e9n\u00e9rale-du-4-juion-2021-Formulaire-de-vote-1.pdf\" target=\"_blank\" rel=\"noopener\">Formulaire de vote SELECTIRENTE &#8211; Assembl\u00e9e G\u00e9n\u00e9rale du 4 juin 2021<\/a><\/li>\n<li><a href=\"https:\/\/www.selectirente.com\/wp-content\/uploads\/2021\/05\/SELECTIRENTE-Assembl\u00e9e-G\u00e9n\u00e9rale-du-4-juin-2021-Avis-de-convocation-paru-au-BALO-le-14-mai-2021.pdf\" target=\"_blank\" rel=\"noopener\">Avis de convocation paru au BALO le 14 mai 2021<\/a><\/li>\n<li><a href=\"https:\/\/www.selectirente.com\/wp-content\/uploads\/2021\/05\/Parisien-91-14052021.pdf\" target=\"_blank\" rel=\"noopener\">Avis de convocation \u00e0 l&#8217;Assembl\u00e9e G\u00e9n\u00e9rale du 04 juin 2021 paru dans Le Parisien le 14 mai 2021<\/a><\/li>\n<li><a href=\"https:\/\/www.selectirente.com\/wp-content\/uploads\/2021\/06\/SELECTIRENTE-SCA-Assembl\u00e9e-G\u00e9n\u00e9rale-du-4-juin-2021-R\u00e9sultat-des-votes.pdf\" target=\"_blank\" rel=\"noopener\">Assembl\u00e9e G\u00e9n\u00e9rale du 4 juin 2021 \u2013 R\u00e9sultat des votes <\/a><\/li>\n<\/ul>\n<p>Autres informations relatives \u00e0 l&#8217;Assembl\u00e9e disponibles dans le Document de r\u00e9f\u00e9rence :<\/p>\n<ul>\n<li><a href=\"https:\/\/www.selectirente.com\/wp-content\/uploads\/2021\/04\/Selectirente___Document_d_Enregistrement_Universel_2020_OPTI_compressed.pdf\" target=\"_blank\" rel=\"noopener\">Document d\u2019Enregistrement Universel 2020 <\/a><\/li>\n<\/ul>\n<p>&nbsp;<\/p>\n<p><strong>03 f\u00e9vrier 2021\u00a0 \u00a0 \u00a0 \u00a0 \u00a0 \u00a0 \u00a0 \u00a0 \u00a0 \u00a0 \u00a0 \u00a0 \u00a0 \u00a0 \u00a0 \u00a0 \u00a0 \u00a0 \u00a0Assembl\u00e9e G\u00e9n\u00e9rale Mixte<\/strong><\/p>\n<p><strong>Documents mis \u00e0 disposition :<\/strong><\/p>\n<ul>\n<li><a href=\"https:\/\/www.selectirente.com\/wp-content\/uploads\/2021\/01\/S\u00e9lectirente-Avis-de-r\u00e9union-valant-avis-de-convocation-paru-au-Balo-le-28.12.2020-annonce-2004846.pdf\">Avis de r\u00e9union valant avis de convocation paru au Balo 28 12 2020<\/a><\/li>\n<li><a href=\"https:\/\/www.selectirente.com\/wp-content\/uploads\/2021\/01\/S\u00e9lectirente-Avis-rectificatif-paru-au-BAlo-du-8-janvier-2021.-pdf.pdf\">Avis rectificatif paru au Balo du 08 01 2021<\/a><\/li>\n<li><a href=\"https:\/\/www.selectirente.com\/wp-content\/uploads\/2021\/01\/S\u00e9lectirente-Modalit\u00e9s-de-participation-AGM-3-f\u00e9vrier-2021.pdf\">Modalit\u00e9s de participation AGM 03 02 2021<\/a><\/li>\n<li><a href=\"https:\/\/www.selectirente.com\/wp-content\/uploads\/2021\/01\/S\u00e9lectirente-Ordre-du-jour-de-lAGM-du-3-f\u00e9vrier-2020.pdf\">Ordre du jour de l&#8217;AGM du 03 02 2021<\/a><\/li>\n<li><a href=\"https:\/\/www.selectirente.com\/wp-content\/uploads\/2021\/01\/S\u00e9lectirente-Rapport-du-Directoire-\u00e0-lAGM-du-3-f\u00e9vrier-2021.pdf\">Rapport du Directoire \u00e0 l&#8217;AGM du 03 02 2021<\/a><\/li>\n<li><a href=\"https:\/\/www.selectirente.com\/wp-content\/uploads\/2021\/01\/S\u00e9lectirente-Projets-de-r\u00e9solutions-AGM-du-3-f\u00e9vrier-2021..pdf\">Projets de r\u00e9solution AGM du 03 02 2021<\/a><\/li>\n<li><a href=\"https:\/\/www.selectirente.com\/wp-content\/uploads\/2021\/01\/SELECTIRENTE-Brochure-AGM-du-03.02.2021-1-1.pdf\">Brochure AGM du 03 02 2021<\/a><\/li>\n<li><a href=\"https:\/\/www.selectirente.com\/wp-content\/uploads\/2021\/01\/Formulaire-de-vote-SELECTIRENTE-AGM-du-03-02-2021.pdf\">Formulaire de vote SELECTIRENTE AGM du 03 02 2021<\/a><\/li>\n<li><a href=\"https:\/\/www.selectirente.com\/wp-content\/uploads\/2021\/01\/Nombre-dactions-et-de-droits-de-vote-28-12-2020-1.pdf\">Information relatives au nombre total de droits de vote et d&#8217;actions<\/a><\/li>\n<li><a href=\"https:\/\/www.selectirente.com\/wp-content\/uploads\/2021\/01\/SELECTIRENTE-Rapport-transformation-SA-SCA-1.pdf\" target=\"_blank\" rel=\"noopener\">Rapport du commissaire aux comptes sur la transformation de la soci\u00e9t\u00e9 SELECTIRENTE, SA en SCA<\/a><\/li>\n<li><a href=\"https:\/\/www.selectirente.com\/wp-content\/uploads\/2021\/01\/SELECTIRENTE-2021-Delegation-globale-comp\u00e9tence-1.pdf\" target=\"_blank\" rel=\"noopener\">R\u00e9solutions n\u00b024, 25, 26, 31, 32, 33, 34 &#8211; Rapport du commissaire aux comptes sur l&#8217;\u00e9mission d&#8217;actions et de diverses valeurs mobili\u00e8res avec maintien et\/ou suppression du droit pr\u00e9f\u00e9rentiel de souscription<\/a><\/li>\n<li><a href=\"https:\/\/www.selectirente.com\/wp-content\/uploads\/2021\/01\/SELECTIRENTE-2021-R\u00e9solution-n-\u00b028-L225-177-1.pdf\" target=\"_blank\" rel=\"noopener\">R\u00e9solution n\u00b0 28 &#8211;\u00a0Rapport du commissaire aux comptes sur l&#8217;autorisation d&#8217;attribution d&#8217;options de souscription et\/ou d&#8217;achat d&#8217;actions<\/a><\/li>\n<li><a href=\"https:\/\/www.selectirente.com\/wp-content\/uploads\/2021\/01\/SELECTIRENTE-2021-R\u00e9solution-n-\u00b029-AGA-1.pdf\" target=\"_blank\" rel=\"noopener\">R\u00e9solution n\u00b029 &#8211;\u00a0\u00a0Rapport du commissaire aux comptes sur l&#8217;autorisation d&#8217;attribution gratuite d&#8217;actions existantes ou \u00e0 \u00e9mettre<\/a><\/li>\n<li><a href=\"https:\/\/www.selectirente.com\/wp-content\/uploads\/2021\/01\/SELECTIRENTE-2021-R\u00e9solution-n-\u00b030-r\u00e9duction-capital-1.pdf\" target=\"_blank\" rel=\"noopener\">R\u00e9solution n\u00b030 &#8211;\u00a0Rapport du commissaire aux comptes sur la r\u00e9duction du capital<\/a><\/li>\n<li><a href=\"https:\/\/www.selectirente.com\/wp-content\/uploads\/2021\/01\/Avis-de-Convocation-paru-au-Balo-le-15-janvier-2021-AGM-03-02-2021-S\u00e9lectirente.pdf\" target=\"_blank\" rel=\"noopener\">Avis de Convocation paru au Balo le 15 janvier 2021 AGM 03 02 2021 SELECTIRENTE<\/a><\/li>\n<li><a href=\"https:\/\/www.selectirente.com\/wp-content\/uploads\/2021\/02\/CR-RESULTATS-ASSEMBL\u00c9E-G\u00c9N\u00c9RALE-MIXTE-DU-03-FEVRIER-2021-1.pdf\">Compte rendu et r\u00e9sultats des votes &#8211; Assembl\u00e9e G\u00e9n\u00e9rale mixte du 03 02 2021<\/a><\/li>\n<\/ul>\n<p>&nbsp;<\/p>\n<p><strong>10 juin 2020\u00a0 \u00a0 \u00a0 \u00a0 \u00a0 \u00a0 \u00a0 \u00a0 \u00a0 \u00a0 \u00a0 \u00a0 \u00a0 \u00a0 \u00a0 \u00a0 \u00a0 \u00a0 \u00a0 \u00a0 \u00a0 Assembl\u00e9e G\u00e9n\u00e9rale Mixte<\/strong><\/p>\n<p><strong>Documents mis \u00e0 disposition :<\/strong><\/p>\n<ul>\n<li><a href=\"https:\/\/www.selectirente.com\/wp-content\/uploads\/2020\/06\/Compte-rendu-et-resultats-des-votes-Assemblee-Generale-mixte-du-10-juin-2020.pdf\">Compte rendu et r\u00e9sultats des votes &#8211; Assembl\u00e9e G\u00e9n\u00e9rale mixte du 10 juin 2020<\/a><\/li>\n<li><a href=\"https:\/\/www.selectirente.com\/wp-content\/uploads\/2020\/06\/Selectirente-Directoire-du-4.06.20-Bureau-AG-2020-huis-clos.pdf\">Selectirente Directoire du 4.06.20 Bureau AG 2020 huis-clos<\/a><\/li>\n<li><a href=\"https:\/\/www.selectirente.com\/wp-content\/uploads\/2020\/05\/Formulaire-de-vote-SELECTIRENTE-AG-du-10-06-2020.pdf\">Formulaire de vote Assembl\u00e9e G\u00e9n\u00e9rale<\/a><\/li>\n<li><a href=\"https:\/\/www.selectirente.com\/wp-content\/uploads\/2020\/05\/SELECTIRENTE-Modalit\u00e9s-de-participations-AG-10-juin-2020.pdf\" target=\"_blank\" rel=\"noopener\">Modalit\u00e9s de participation<\/a><\/li>\n<li><a href=\"https:\/\/www.selectirente.com\/wp-content\/uploads\/2020\/05\/SELECTIRENTE-Ordre-du-Jour-AG-2020.pdf\" target=\"_blank\" rel=\"noopener\">Ordre du jour<\/a><\/li>\n<li><a href=\"https:\/\/www.selectirente.com\/wp-content\/uploads\/2020\/05\/S%C3%A9lectirente-Projets-de-r%C3%A9solutions-Assembl%C3%A9e-g%C3%A9n%C3%A9rale-du-10-juin-2020.pdf\">Texte de projets de r\u00e9solutions pr\u00e9sent\u00e9es par le directoire \u00e0 l&#8217;AG mixte du 10 juin 2020<\/a><\/li>\n<li><a href=\"https:\/\/www.selectirente.com\/wp-content\/uploads\/2020\/05\/S\u00e9lectirente-Brochure-de-convocation-2020.pdf\">Brochure de convocation<\/a><\/li>\n<li><a href=\"https:\/\/www.selectirente.com\/wp-content\/uploads\/2020\/05\/SR-AG-10-juin-2020-Avis-de-convocation-Balo-18-mai-N%C2%B060.pdf\">Avis de convocation (BALO du 18 mai 2020)<\/a><\/li>\n<li><a href=\"https:\/\/www.selectirente.com\/wp-content\/uploads\/2020\/05\/SR-Avis-de-r\u00e9union-valant-avis-de-convocation-paru-Balo-4-mai-2020-N\u00b054.pdf\">Avis de R\u00e9union (BALO du 4 mai 2020)<\/a><\/li>\n<\/ul>\n<p><strong>Autres informations relatives \u00e0 l\u2019Assembl\u00e9e disponibles dans le Document de r\u00e9f\u00e9rence :<\/strong><\/p>\n<ul>\n<li><a href=\"https:\/\/www.selectirente.com\/wp-content\/uploads\/2020\/04\/Document-dEnregistrement-Universel-2019.pdf\" target=\"_blank\" rel=\"noopener\">Document d&#8217;enregistrement universel 2019<\/a><\/li>\n<\/ul>\n<p>&nbsp;<\/p>\n<p>13 juin 2019\u00a0 \u00a0 \u00a0 \u00a0 \u00a0 \u00a0 \u00a0 \u00a0 \u00a0 \u00a0 \u00a0 \u00a0 \u00a0 \u00a0 \u00a0 \u00a0 \u00a0 \u00a0 \u00a0 \u00a0 \u00a0 <a href=\"https:\/\/www.selectirente.com\/wp-content\/uploads\/2019\/06\/2019-Compte-rendu-INTERNET-AG-2019.pdf\">Compte rendu de l&#8217;Assembl\u00e9e G\u00e9n\u00e9rale<\/a><\/p>\n<p>13 juin 2018\u00a0 \u00a0 \u00a0 \u00a0 \u00a0 \u00a0 \u00a0 \u00a0 \u00a0 \u00a0 \u00a0 \u00a0 \u00a0 \u00a0 \u00a0 \u00a0 \u00a0 \u00a0 \u00a0 \u00a0 \u00a0 <a href=\"https:\/\/www.selectirente.com\/wp-content\/uploads\/2018\/06\/Compte-rendu-INTERNET-AG-2018.pdf\" target=\"_blank\" rel=\"noopener\">Compte rendu de l&#8217;Assembl\u00e9e G\u00e9n\u00e9rale<\/a><\/p>\n<p>09 mai 2018\u00a0 \u00a0 \u00a0 \u00a0 \u00a0 \u00a0 \u00a0 \u00a0 \u00a0 \u00a0 \u00a0 \u00a0 \u00a0 \u00a0 \u00a0 \u00a0 \u00a0 \u00a0 \u00a0 \u00a0 \u00a0<a href=\"https:\/\/www.selectirente.com\/wp-content\/uploads\/2018\/07\/INFORMATION-SUR-LES-PERIODES-D\u2019ABSTENTION-CHEZ-SELECTIRENTE-2017.pdf\" target=\"_blank\" rel=\"noopener\">Information sur les p\u00e9riodes d&#8217;abstention chez Selectirente<\/a><\/p>\n<p>28 juin 2017\u00a0 \u00a0 \u00a0 \u00a0 \u00a0 \u00a0 \u00a0 \u00a0 \u00a0 \u00a0 \u00a0 \u00a0 \u00a0 \u00a0 \u00a0 \u00a0 \u00a0 \u00a0 \u00a0 \u00a0 \u00a0<a href=\"https:\/\/www.selectirente.com\/wp-content\/uploads\/2018\/07\/Compte-rendu-INTERNET-AG-2017.pdf\" target=\"_blank\" rel=\"noopener\">Compte rendu de l&#8217;Assembl\u00e9e G\u00e9n\u00e9rale<\/a><\/p>\n<p>25 mai 2016\u00a0 \u00a0 \u00a0 \u00a0 \u00a0 \u00a0 \u00a0 \u00a0 \u00a0 \u00a0 \u00a0 \u00a0 \u00a0 \u00a0 \u00a0 \u00a0 \u00a0 \u00a0 \u00a0 \u00a0 \u00a0<a href=\"https:\/\/www.selectirente.com\/wp-content\/uploads\/2018\/07\/Compte-rendu-de-lAssembl\u00e9e-G\u00e9n\u00e9rale-2016.pdf\" target=\"_blank\" rel=\"noopener\">Compte rendu de l&#8217;Assembl\u00e9e G\u00e9n\u00e9rale<\/a><\/p>\n<p>27 mai 2015\u00a0 \u00a0 \u00a0 \u00a0 \u00a0 \u00a0 \u00a0 \u00a0 \u00a0 \u00a0 \u00a0 \u00a0 \u00a0 \u00a0 \u00a0 \u00a0 \u00a0 \u00a0 \u00a0 \u00a0 \u00a0<a href=\"https:\/\/www.selectirente.com\/wp-content\/uploads\/2018\/07\/Compte-rendu-et-r\u00e9sultats-des-votes-de-lAssembl\u00e9e-G\u00e9n\u00e9rale-Mixte-du-27-mai-2015.pdf\" target=\"_blank\" rel=\"noopener\">Compte rendu de l&#8217;Assembl\u00e9e G\u00e9n\u00e9rale<\/a><\/p>\n<p>26 mai 2014\u00a0 \u00a0 \u00a0 \u00a0 \u00a0 \u00a0 \u00a0 \u00a0 \u00a0 \u00a0 \u00a0 \u00a0 \u00a0 \u00a0 \u00a0 \u00a0 \u00a0 \u00a0 \u00a0 \u00a0 \u00a0<a href=\"https:\/\/www.selectirente.com\/wp-content\/uploads\/2018\/07\/Compte-rendu-AG-SELECTIRENTE-2014.pdf\" target=\"_blank\" rel=\"noopener\">Compte rendu de l&#8217;Assembl\u00e9e G\u00e9n\u00e9rale<\/a><\/p>\n","protected":false},"excerpt":{"rendered":"<p>Assembl\u00e9e G\u00e9n\u00e9rale Mixte 2026 28 mai 2026\u00a0 \u00a0 \u00a0 \u00a0 Avis de r\u00e9union valant avis de convocation paru au BALO le 20 avril 2026 Assembl\u00e9e G\u00e9n\u00e9rale Mixte 2025 Pour acc\u00e9der \u00e0 la (re)diffusion de l&#8217;Assembl\u00e9e G\u00e9n\u00e9rale Annuelle du 27\/05, cliquez ici 27 mai 2025\u00a0 \u00a0 \u00a0 \u00a0 Avis de r\u00e9union valant avis de convocation paru [&hellip;]<\/p>\n","protected":false},"author":4,"featured_media":0,"parent":0,"menu_order":0,"comment_status":"closed","ping_status":"closed","template":"","meta":{"om_disable_all_campaigns":false,"footnotes":"","_links_to":"","_links_to_target":""},"class_list":["post-2408","page","type-page","status-publish","hentry","no-post-thumbnail"],"yoast_head":"<!-- This site is optimized with the Yoast SEO plugin v27.1.1 - https:\/\/yoast.com\/product\/yoast-seo-wordpress\/ -->\n<title>General meetings | Selectirente<\/title>\n<meta name=\"robots\" content=\"index, follow, max-snippet:-1, max-image-preview:large, max-video-preview:-1\" \/>\n<link rel=\"canonical\" href=\"https:\/\/www.selectirente.com\/en\/general-meetings\/\" \/>\n<meta property=\"og:locale\" content=\"en_US\" \/>\n<meta property=\"og:type\" content=\"article\" \/>\n<meta property=\"og:title\" content=\"General meetings | Selectirente\" \/>\n<meta property=\"og:description\" content=\"Assembl\u00e9e G\u00e9n\u00e9rale Mixte 2026 28 mai 2026\u00a0 \u00a0 \u00a0 \u00a0 Avis de r\u00e9union valant avis de convocation paru au BALO le 20 avril 2026 Assembl\u00e9e G\u00e9n\u00e9rale Mixte 2025 Pour acc\u00e9der \u00e0 la (re)diffusion de l&#8217;Assembl\u00e9e G\u00e9n\u00e9rale Annuelle du 27\/05, cliquez ici 27 mai 2025\u00a0 \u00a0 \u00a0 \u00a0 Avis de r\u00e9union valant avis de convocation paru [&hellip;]\" \/>\n<meta property=\"og:url\" content=\"https:\/\/www.selectirente.com\/en\/general-meetings\/\" \/>\n<meta property=\"og:site_name\" content=\"Selectirente\" \/>\n<meta property=\"article:modified_time\" content=\"2026-04-20T07:59:36+00:00\" \/>\n<meta name=\"twitter:card\" content=\"summary_large_image\" \/>\n<meta name=\"twitter:label1\" content=\"Est. reading time\" \/>\n\t<meta name=\"twitter:data1\" content=\"6 minutes\" \/>\n<script type=\"application\/ld+json\" class=\"yoast-schema-graph\">{\"@context\":\"https:\/\/schema.org\",\"@graph\":[{\"@type\":\"WebPage\",\"@id\":\"https:\/\/www.selectirente.com\/en\/general-meetings\/\",\"url\":\"https:\/\/www.selectirente.com\/en\/general-meetings\/\",\"name\":\"General meetings | Selectirente\",\"isPartOf\":{\"@id\":\"https:\/\/www.selectirente.com\/#website\"},\"datePublished\":\"2017-12-04T11:59:29+00:00\",\"dateModified\":\"2026-04-20T07:59:36+00:00\",\"breadcrumb\":{\"@id\":\"https:\/\/www.selectirente.com\/en\/general-meetings\/#breadcrumb\"},\"inLanguage\":\"en-US\",\"potentialAction\":[{\"@type\":\"ReadAction\",\"target\":[\"https:\/\/www.selectirente.com\/en\/general-meetings\/\"]}]},{\"@type\":\"BreadcrumbList\",\"@id\":\"https:\/\/www.selectirente.com\/en\/general-meetings\/#breadcrumb\",\"itemListElement\":[{\"@type\":\"ListItem\",\"position\":1,\"name\":\"Home\",\"item\":\"https:\/\/www.selectirente.com\/en\/\"},{\"@type\":\"ListItem\",\"position\":2,\"name\":\"General meetings\"}]},{\"@type\":\"WebSite\",\"@id\":\"https:\/\/www.selectirente.com\/#website\",\"url\":\"https:\/\/www.selectirente.com\/\",\"name\":\"Selectirente\",\"description\":\"Selectirente, la fonci\u00e8re sp\u00e9cialis\u00e9e en murs de commerces\",\"publisher\":{\"@id\":\"https:\/\/www.selectirente.com\/#organization\"},\"potentialAction\":[{\"@type\":\"SearchAction\",\"target\":{\"@type\":\"EntryPoint\",\"urlTemplate\":\"https:\/\/www.selectirente.com\/?s={search_term_string}\"},\"query-input\":{\"@type\":\"PropertyValueSpecification\",\"valueRequired\":true,\"valueName\":\"search_term_string\"}}],\"inLanguage\":\"en-US\"},{\"@type\":\"Organization\",\"@id\":\"https:\/\/www.selectirente.com\/#organization\",\"name\":\"Selectirente\",\"url\":\"https:\/\/www.selectirente.com\/\",\"logo\":{\"@type\":\"ImageObject\",\"inLanguage\":\"en-US\",\"@id\":\"https:\/\/www.selectirente.com\/#\/schema\/logo\/image\/\",\"url\":\"https:\/\/www.selectirente.com\/wp-content\/uploads\/2017\/10\/logo-selectirente.png\",\"contentUrl\":\"https:\/\/www.selectirente.com\/wp-content\/uploads\/2017\/10\/logo-selectirente.png\",\"width\":280,\"height\":35,\"caption\":\"Selectirente\"},\"image\":{\"@id\":\"https:\/\/www.selectirente.com\/#\/schema\/logo\/image\/\"}}]}<\/script>\n<!-- \/ Yoast SEO plugin. -->","yoast_head_json":{"title":"General meetings | Selectirente","robots":{"index":"index","follow":"follow","max-snippet":"max-snippet:-1","max-image-preview":"max-image-preview:large","max-video-preview":"max-video-preview:-1"},"canonical":"https:\/\/www.selectirente.com\/en\/general-meetings\/","og_locale":"en_US","og_type":"article","og_title":"General meetings | Selectirente","og_description":"Assembl\u00e9e G\u00e9n\u00e9rale Mixte 2026 28 mai 2026\u00a0 \u00a0 \u00a0 \u00a0 Avis de r\u00e9union valant avis de convocation paru au BALO le 20 avril 2026 Assembl\u00e9e G\u00e9n\u00e9rale Mixte 2025 Pour acc\u00e9der \u00e0 la (re)diffusion de l&#8217;Assembl\u00e9e G\u00e9n\u00e9rale Annuelle du 27\/05, cliquez ici 27 mai 2025\u00a0 \u00a0 \u00a0 \u00a0 Avis de r\u00e9union valant avis de convocation paru [&hellip;]","og_url":"https:\/\/www.selectirente.com\/en\/general-meetings\/","og_site_name":"Selectirente","article_modified_time":"2026-04-20T07:59:36+00:00","twitter_card":"summary_large_image","twitter_misc":{"Est. reading time":"6 minutes"},"schema":{"@context":"https:\/\/schema.org","@graph":[{"@type":"WebPage","@id":"https:\/\/www.selectirente.com\/en\/general-meetings\/","url":"https:\/\/www.selectirente.com\/en\/general-meetings\/","name":"General meetings | Selectirente","isPartOf":{"@id":"https:\/\/www.selectirente.com\/#website"},"datePublished":"2017-12-04T11:59:29+00:00","dateModified":"2026-04-20T07:59:36+00:00","breadcrumb":{"@id":"https:\/\/www.selectirente.com\/en\/general-meetings\/#breadcrumb"},"inLanguage":"en-US","potentialAction":[{"@type":"ReadAction","target":["https:\/\/www.selectirente.com\/en\/general-meetings\/"]}]},{"@type":"BreadcrumbList","@id":"https:\/\/www.selectirente.com\/en\/general-meetings\/#breadcrumb","itemListElement":[{"@type":"ListItem","position":1,"name":"Home","item":"https:\/\/www.selectirente.com\/en\/"},{"@type":"ListItem","position":2,"name":"General meetings"}]},{"@type":"WebSite","@id":"https:\/\/www.selectirente.com\/#website","url":"https:\/\/www.selectirente.com\/","name":"Selectirente","description":"Selectirente, la fonci\u00e8re sp\u00e9cialis\u00e9e en murs de commerces","publisher":{"@id":"https:\/\/www.selectirente.com\/#organization"},"potentialAction":[{"@type":"SearchAction","target":{"@type":"EntryPoint","urlTemplate":"https:\/\/www.selectirente.com\/?s={search_term_string}"},"query-input":{"@type":"PropertyValueSpecification","valueRequired":true,"valueName":"search_term_string"}}],"inLanguage":"en-US"},{"@type":"Organization","@id":"https:\/\/www.selectirente.com\/#organization","name":"Selectirente","url":"https:\/\/www.selectirente.com\/","logo":{"@type":"ImageObject","inLanguage":"en-US","@id":"https:\/\/www.selectirente.com\/#\/schema\/logo\/image\/","url":"https:\/\/www.selectirente.com\/wp-content\/uploads\/2017\/10\/logo-selectirente.png","contentUrl":"https:\/\/www.selectirente.com\/wp-content\/uploads\/2017\/10\/logo-selectirente.png","width":280,"height":35,"caption":"Selectirente"},"image":{"@id":"https:\/\/www.selectirente.com\/#\/schema\/logo\/image\/"}}]}},"_links":{"self":[{"href":"https:\/\/www.selectirente.com\/en\/wp-json\/wp\/v2\/pages\/2408","targetHints":{"allow":["GET"]}}],"collection":[{"href":"https:\/\/www.selectirente.com\/en\/wp-json\/wp\/v2\/pages"}],"about":[{"href":"https:\/\/www.selectirente.com\/en\/wp-json\/wp\/v2\/types\/page"}],"author":[{"embeddable":true,"href":"https:\/\/www.selectirente.com\/en\/wp-json\/wp\/v2\/users\/4"}],"replies":[{"embeddable":true,"href":"https:\/\/www.selectirente.com\/en\/wp-json\/wp\/v2\/comments?post=2408"}],"version-history":[{"count":30,"href":"https:\/\/www.selectirente.com\/en\/wp-json\/wp\/v2\/pages\/2408\/revisions"}],"predecessor-version":[{"id":7576,"href":"https:\/\/www.selectirente.com\/en\/wp-json\/wp\/v2\/pages\/2408\/revisions\/7576"}],"wp:attachment":[{"href":"https:\/\/www.selectirente.com\/en\/wp-json\/wp\/v2\/media?parent=2408"}],"curies":[{"name":"wp","href":"https:\/\/api.w.org\/{rel}","templated":true}]}}